{"id":659,"date":"2021-05-14T10:44:01","date_gmt":"2021-05-14T10:44:01","guid":{"rendered":"https:\/\/iglesiaslasarenasromo.org\/horarios-de-misas\/"},"modified":"2026-02-23T05:38:42","modified_gmt":"2026-02-23T05:38:42","slug":"horarios-de-misas","status":"publish","type":"page","link":"https:\/\/iglesiaslasarenasromo.org\/eu\/horarios-de-misas\/","title":{"rendered":"Mezen ordutegia"},"content":{"rendered":"  <div id=\"page-header-2137079129\" class=\"page-header-wrapper\">\n  <div class=\"page-title dark featured-title\">\n\n    \n    <div class=\"page-title-inner container align-center text-center flex-row-col medium-flex-wrap\" >\n              <div class=\"title-wrapper flex-col\">\n          <h1 class=\"entry-title mb-0\">\n            Areetako eta Erromoko Elizak          <\/h1>\n        <\/div>\n                    <div class=\"title-content flex-col\">\n        <div class=\"title-share pt-half pb-half\"><div class=\"social-icons share-icons share-row relative\" ><a href=\"whatsapp:\/\/send?text=Mezen%20ordutegia - https:\/\/iglesiaslasarenasromo.org\/eu\/horarios-de-misas\/\" data-action=\"share\/whatsapp\/share\" class=\"icon button circle is-outline tooltip whatsapp show-for-medium\" title=\"Share on WhatsApp\"><i class=\"icon-whatsapp\"><\/i><\/a><a href=\"https:\/\/www.facebook.com\/sharer.php?u=https:\/\/iglesiaslasarenasromo.org\/eu\/horarios-de-misas\/\" data-label=\"Facebook\" onclick=\"window.open(this.href,this.title,'width=500,height=500,top=300px,left=300px');  return false;\" rel=\"noopener noreferrer nofollow\" target=\"_blank\" class=\"icon button circle is-outline tooltip facebook\" title=\"Share on Facebook\"><i class=\"icon-facebook\" ><\/i><\/a><a href=\"https:\/\/twitter.com\/share?url=https:\/\/iglesiaslasarenasromo.org\/eu\/horarios-de-misas\/\" onclick=\"window.open(this.href,this.title,'width=500,height=500,top=300px,left=300px');  return false;\" rel=\"noopener noreferrer nofollow\" target=\"_blank\" class=\"icon button circle is-outline tooltip twitter\" title=\"Share on Twitter\"><i class=\"icon-twitter\" ><\/i><\/a><a href=\"mailto:enteryour@addresshere.com?subject=Mezen%20ordutegia&amp;body=Check%20this%20out:%20https:\/\/iglesiaslasarenasromo.org\/eu\/horarios-de-misas\/\" rel=\"nofollow\" class=\"icon button circle is-outline tooltip email\" title=\"Email to a Friend\"><i class=\"icon-envelop\" ><\/i><\/a><a href=\"https:\/\/pinterest.com\/pin\/create\/button\/?url=https:\/\/iglesiaslasarenasromo.org\/eu\/horarios-de-misas\/&amp;media=&amp;description=Mezen%20ordutegia\" onclick=\"window.open(this.href,this.title,'width=500,height=500,top=300px,left=300px');  return false;\" rel=\"noopener noreferrer nofollow\" target=\"_blank\" class=\"icon button circle is-outline tooltip pinterest\" title=\"Pin on Pinterest\"><i class=\"icon-pinterest\" ><\/i><\/a><a href=\"https:\/\/www.linkedin.com\/shareArticle?mini=true&url=https:\/\/iglesiaslasarenasromo.org\/eu\/horarios-de-misas\/&title=Mezen%20ordutegia\" onclick=\"window.open(this.href,this.title,'width=500,height=500,top=300px,left=300px');  return false;\"  rel=\"noopener noreferrer nofollow\" target=\"_blank\" class=\"icon button circle is-outline tooltip linkedin\" title=\"Share on LinkedIn\"><i class=\"icon-linkedin\" ><\/i><\/a><\/div><\/div>      <\/div>\n    <\/div>\n\n       <\/div>\n    <\/div>\n   \n  <div class=\"banner has-hover hide-for-small\" id=\"banner-242510849\">\n          <div class=\"banner-inner fill\">\n        <div class=\"banner-bg fill\" >\n            <div class=\"bg fill bg-fill \"><\/div>\n                        <div class=\"overlay\"><\/div>            \n                    <\/div>\n        <div class=\"banner-layers container\">\n            <div class=\"fill banner-link\"><\/div>                     <\/div>\n      <\/div>\n\n            \n<style>\n#banner-242510849 {\n  padding-top: 169px;\n}\n#banner-242510849 .bg.bg-loaded {\n  background-image: url(https:\/\/iglesiaslasarenasromo.org\/wp-content\/uploads\/2021\/05\/logo-parroquia-792x1024.png);\n}\n#banner-242510849 .overlay {\n  background-color: rgba(0, 0, 0, 0.0);\n}\n#banner-242510849 .bg {\n  background-position: 47% 42%;\n}\n<\/style>\n  <\/div>\n\n \t<section class=\"section\" id=\"section_1028008449\">\n\t\t<div class=\"bg section-bg fill bg-fill  bg-loaded\" >\n\n\t\t\t\n\t\t\t\n\t\t\t\n\n\t\t<\/div>\n\n\t\t<div class=\"section-content relative\">\n\t\t\t <div class=\"row\"  id=\"row-1441348776\"> \n\t<div id=\"col-1241707056\" class=\"col medium-3 small-12 large-3\"  >\n\t\t<div class=\"col-inner\"  >\n\t\t\t\n\t\t\t <ul class=\"sidebar-wrapper ul-reset widget-page\"><div class=\"widget_text widget-content\"><div class=\"textwidget custom-html-widget\"><!--<div class=\"sidebar-box\">\r\n\t<div class=\"control\">\r\n\t\t<img decoding=\"async\" style=\"margin-bottom: 20px\" src=\"https:\/\/iglesiaslasarenasromo.org\/wp-content\/uploads\/2021\/06\/catequesis.jpg\">\r\n\t\t<p class=\"title\" style=\"margin-bottom:30px\">\r\n\t\t\tLa \"cate\" en casa<\/p>\r\n\t\t<p class=\"texto\">\r\n\t\t\tY de repente, un d\u00eda se cancel\u00f3 la catequesis. Se cerr\u00f3 la parroquia. \u00bfY ahora qu\u00e9 hacemos? Como  tantas  cosas que se reinventaron, tambi\u00e9n  nosotros buscamos un camino a seguir. \r\nLa di\u00f3cesis nos propuso un plan que nos gust\u00f3 y nos embarcamos en \u00e9l.\r\n\t\t<\/p>\r\n\t\t<\/div>\r\n<\/div>--><\/div><\/div><div class=\"widget-content\"><h3 class=\"widget-title\">Sakramentuak<\/h3><div class=\"menu-sacramentos-euskera-container\"><ul id=\"menu-sacramentos-euskera\" class=\"menu\"><li id=\"menu-item-811\" class=\"menu-item menu-item-type-post_type menu-item-object-page menu-item-811\"><a href=\"https:\/\/iglesiaslasarenasromo.org\/eu\/sacramento-bautismo\/\">Bataioa<\/a><\/li>\n<li id=\"menu-item-812\" class=\"menu-item menu-item-type-post_type menu-item-object-page menu-item-812\"><a href=\"https:\/\/iglesiaslasarenasromo.org\/eu\/comunion\/\">Jaunartzea<\/a><\/li>\n<li id=\"menu-item-813\" class=\"menu-item menu-item-type-post_type menu-item-object-page menu-item-813\"><a href=\"https:\/\/iglesiaslasarenasromo.org\/eu\/confirmacion\/\">Konfirmazioa<\/a><\/li>\n<li id=\"menu-item-814\" class=\"menu-item menu-item-type-post_type menu-item-object-page menu-item-814\"><a href=\"https:\/\/iglesiaslasarenasromo.org\/eu\/matrimonio\/\">Ezkontza<\/a><\/li>\n<li id=\"menu-item-815\" class=\"menu-item menu-item-type-post_type menu-item-object-page menu-item-815\"><a href=\"https:\/\/iglesiaslasarenasromo.org\/eu\/uncion-a-enfermos\/\">Gaixoen Oliadura<\/a><\/li>\n<\/ul><\/div><\/div><div class=\"widget-content\"><h3 class=\"widget-title\">Ordutegiak<\/h3><div class=\"menu-horarios-euskera-container\"><ul id=\"menu-horarios-euskera\" class=\"menu\"><li id=\"menu-item-816\" class=\"menu-item menu-item-type-post_type menu-item-object-page menu-item-816\"><a href=\"https:\/\/iglesiaslasarenasromo.org\/eu\/horarios-de-misas\/\">Mezen ordutegia<\/a><\/li>\n<li id=\"menu-item-817\" class=\"menu-item menu-item-type-post_type menu-item-object-page menu-item-817\"><a href=\"https:\/\/iglesiaslasarenasromo.org\/eu\/horario-de-oficinas-parroquiales\/\">Parrokiako bulegoen ordutegia<\/a><\/li>\n<\/ul><\/div><\/div><div class=\"widget_text widget-content\"><div class=\"textwidget custom-html-widget\"><!--<div class=\"sidebar-box\">\r\n\t<div class=\"control\">\r\n\t\t<img decoding=\"async\" style=\"margin-bottom: 20px\" src=\"https:\/\/iglesiaslasarenasromo.org\/wp-content\/uploads\/2021\/06\/catequesis.jpg\">\r\n\t\t<p class=\"title\" style=\"margin-bottom:30px\">\r\n\t\t\t\"Kate\" etxean<\/p>\r\n\t\t<p class=\"texto\">\r\n\t\t\tEta bat-batean, egun batean katekesia bertan behera geratu zen. Parrokia itxi zen. Eta orain zer egingo dugu? Berrasmatu ziren gauza asko bezala, guk ere jarraitu beharreko bide bat bilatzen dugu.\r\nElizbarrutiak gustatu zitzaigun plan bat proposatu zigun eta bertan murgildu ginen.\r\n\t\t<\/p>\r\n\t\t<\/div>\r\n<\/div>--><\/div><\/div><\/ul> \t\t<\/div>\n\t\t\t<\/div>\n\n\t \n\t<div id=\"col-1922620925\" class=\"col text-control medium-9 small-12 large-9 small-col-first\"  >\n\t\t<div class=\"col-inner\"  >\n\t\t\t\n\t\t\t <div class=\"container section-title-container\" ><h2 class=\"section-title section-title-normal\"><b><\/b><span class=\"section-title-main\" >Mezen ordutegia<\/span><b><\/b><\/h2><\/div> \t<div class=\"img has-hover x md-x lg-x y md-y lg-y\" id=\"image_1276557764\">\n\t\t\t\t\t\t\t\t<div class=\"img-inner dark\" >\n\t\t\t<img loading=\"lazy\" decoding=\"async\" width=\"814\" height=\"542\" src=\"https:\/\/iglesiaslasarenasromo.org\/wp-content\/uploads\/2021\/06\/horario-misas.jpg\" class=\"attachment-large size-large\" alt=\"\" srcset=\"https:\/\/iglesiaslasarenasromo.org\/wp-content\/uploads\/2021\/06\/horario-misas.jpg 814w, https:\/\/iglesiaslasarenasromo.org\/wp-content\/uploads\/2021\/06\/horario-misas-300x200.jpg 300w, https:\/\/iglesiaslasarenasromo.org\/wp-content\/uploads\/2021\/06\/horario-misas-768x511.jpg 768w\" sizes=\"auto, (max-width: 814px) 100vw, 814px\" \/>\t\t\t\t\t\t\n\t\t\t\t\t<\/div>\n\t\t\t\t\t\t\t\t\n<style>\n#image_1276557764 {\n  width: 100%;\n}\n<\/style>\n\t<\/div>\n\t\r\n<p><!--<h4 class=\"uppercase\"><strong>Aparteko mezen ordutegia abuztuaren 5etik irailaren 1era<\/strong>:<\/h4><ul><li><strong>Astelehena<\/strong>: Las Mercedes 13 eta 19:00etan<\/li><li><strong>Asteartea<\/strong>: Las Mercedes 13 eta 19:00etan<\/li><li><strong>Asteazkena<\/strong>: Las Mercedes 13 eta 19:00etan<\/li><li><strong>Osteguna<\/strong>: Las Mercedes 13 eta 19:00etan<\/li><li><strong>Ostirala<\/strong>: Las Mercedes 13etan eta Santa Ana 19:00etan<\/li><li><strong>Larunbata<\/strong>: Las Mercedes 9:30 eta 19:00etan (bezperako meza)<\/li><li><strong>Igandea<\/strong>: Santa Ana 11:00etan, San Jos\u00e9 Obrero: 12:00etan<\/li><\/ul><p><strong>UDAKO ORDUTEGIA<\/strong>:<br \/>(Uztailaren 1etik aurrera)<\/p><p class=\"col-md-12 col-xs-12\"><strong>Las Mercedes<\/strong>en ez dira ordutegiak aldatzen<\/p><p class=\"col-md-12 col-xs-12\"><strong>Santa Ana<\/strong>n, aste barruan bakarrik izango dira hiletak, eta mezak: larunbatean (20:00) eta igandean (12:30)<\/p><p><strong>San Jose Langilea<\/strong>n, hileta elizkizunak aste barruan eta mezak: larunbata (19:00) eta igandea (11:30)<\/p>--><\/p>\r\n<h4><strong>MEZEN ORDUTEGIA:<\/strong><\/h4>\r\n<ul class=\"ul1\">\r\n<li class=\"li1\">Las Mercedes\r\n<ul class=\"ul1\">\r\n<li class=\"li2\"><strong>Astelehena\/Ostirala<\/strong>: 9:30, 13:00 eta 19:00 (ostirala izan ezik)<\/li>\r\n<li class=\"li2\"><strong>Larunbata<\/strong>: 9:30 eta 19:00<\/li>\r\n<li class=\"li2\"><b>Igandea<\/b>: 11:00, 13:00 eta 19:00<\/li>\r\n<\/ul>\r\n<\/li>\r\n<li class=\"li1\">Santa Ana<span class=\"s3\">\u00a0<\/span>\r\n<ul class=\"ul1\">\r\n<li class=\"li2\"><strong>Asteartea<\/strong>: 19:00 <em>(Hitzaren ospakizuna)<\/em><\/li>\r\n<li><strong>Ostirala<\/strong>: 19:00<\/li>\r\n<li class=\"li2\"><strong>Larunbata<\/strong>: 20:00\u00a0<\/li>\r\n<li class=\"li2\"><b>Igandea<\/b>: 11:30 eta 13:00 (familiarentzako meza)<\/li>\r\n<\/ul>\r\n<\/li>\r\n<li class=\"li1\">San Jose Langilea\r\n<ul class=\"ul1\">\r\n<li><strong>Asteazkena<\/strong>: 18:00 <em>(Hitzaren ospakizuna)<\/em><\/li>\r\n<li class=\"li2\"><strong>Larunbata<\/strong>: 18:00\u00a0<\/li>\r\n<li class=\"li2\"><b>Igandea<\/b>: 12:00<\/li>\r\n<\/ul>\r\n<\/li>\r\n<\/ul>\r\n<p class=\"p1\"><strong>Hileta elizkizunak<\/strong> astelehen, astearte eta ostegunetan 19: 00etan eta ostiraletan 13: 00etan izango dira Las Mercedesen. Santa Ana eta San Jose Langilearentzat parrokiako bulegoetan kontsultatu.<\/p>\r\n<p><strong>Gazteentzako mezak <\/strong>antolatzen dira 19: 00etan Las Mercedesen.<\/p>\r\n<p><strong>2025-2026<\/strong>rako, honako hauek dira:<\/p>\r\n<ul>\r\n<li>urriak 26<\/li>\r\n<li>azaroak 23<\/li>\r\n<li>abenduak 21<\/li>\r\n<li>urtarrilak 18<\/li>\r\n<li>otsailak 15<\/li>\r\n<li>martxoak 15<\/li>\r\n<li>apirilak 19<\/li>\r\n<li>maiatxak 17<\/li>\r\n<li>ekainak (datarik gabe)<\/li>\r\n<\/ul>\r\n<p><img loading=\"lazy\" decoding=\"async\" class=\"alignnone size-full wp-image-3271\" src=\"https:\/\/iglesiaslasarenasromo.org\/wp-content\/uploads\/2025\/09\/IMG-20250921-WA0008.jpg\" alt=\"\" width=\"1363\" height=\"958\" srcset=\"https:\/\/iglesiaslasarenasromo.org\/wp-content\/uploads\/2025\/09\/IMG-20250921-WA0008.jpg 1363w, https:\/\/iglesiaslasarenasromo.org\/wp-content\/uploads\/2025\/09\/IMG-20250921-WA0008-300x211.jpg 300w, https:\/\/iglesiaslasarenasromo.org\/wp-content\/uploads\/2025\/09\/IMG-20250921-WA0008-1024x720.jpg 1024w, https:\/\/iglesiaslasarenasromo.org\/wp-content\/uploads\/2025\/09\/IMG-20250921-WA0008-768x540.jpg 768w\" sizes=\"auto, (max-width: 1363px) 100vw, 1363px\" \/><\/p>\r\n<p><!--<ul><li>Urriak 27<\/li><li>Azaroak 17<\/li><li>Abenduak 22<\/li><li>Urtarrilak 19<\/li><li>Otsailak 23<\/li><li>Martxoak 23<\/li><li>Maiatzak 18<\/li><li>Ekainak 8<\/li><\/ul>--><\/p>\r\n<h2 class=\"p3\"><b>AITORPEN ORDUTEGUAK:<\/b><\/h2>\r\n<p class=\"p2\">Hauek dira gure hiru parrokien aitorpen-orduak:<\/p>\r\n<ul class=\"ul1\">\r\n<li class=\"li4\">Las Mercedes (Parrokiako apaizekin)\r\n<ul class=\"ul1\">\r\n<li class=\"li5\"><b>Astelehen\/Ostirala<\/b>: 12:30etik 13:30era eta <b>Astelehen\/Osteguna<\/b>: 18:30etatik 19:30era<\/li>\r\n<li class=\"li5\">Eta mezen ondoren<\/li>\r\n<\/ul>\r\n<\/li>\r\n<li class=\"li4\">Santa Ana<span class=\"s4\">\u00a0<\/span>\r\n<ul class=\"ul1\">\r\n<li class=\"li5\">Mezen ondoren<\/li>\r\n<\/ul>\r\n<\/li>\r\n<li class=\"li4\">San Jos\u00e9 Langilea\r\n<ul class=\"ul1\">\r\n<li class=\"li5\">Mezen ondoren<\/li>\r\n<\/ul>\r\n<\/li>\r\n<\/ul>\r\n<h2 class=\"p3\"><b>MERCEDESEKO ADORAZIOEN DATAK:<\/b><\/h2>\r\n<ul>\r\n<li>Urriak 8<\/li>\r\n<li>Azaroak 5<\/li>\r\n<li>Abenduak 19 (ostiral gauan)<\/li>\r\n<li>Urtarrilak 7<\/li>\r\n<li>Otsailak 4<\/li>\r\n<li>Martxoak 4<\/li>\r\n<li>Apirilak 15<\/li>\r\n<li>Maiatzak 6<\/li>\r\n<li>Ekainak 4<\/li>\r\n<\/ul>\r\n<p><!--<h2 class=\"p3\"><b>MERCEDESEKO ADORAZIOEN DATAK (19: 45ean):<\/b><\/h2><ul><li>Urriak 2<\/li><li>Azaroak 6<\/li><li>Abenduak 4<\/li><li>Urtarrilak 15<\/li><li>Otsailak 5<\/li><li>Martxoak 12<\/li><li>Apirilak 2<\/li><li>Maiatzak 7<\/li><li>Ekainak 19<\/li><\/ul><p>&nbsp;<\/p>--><\/p>\r\n\t\t<\/div>\n\t\t\t<\/div>\n\n\t <\/div> \t\t<\/div>\n\n\t\t\n<style>\n#section_1028008449 {\n  padding-top: 30px;\n  padding-bottom: 30px;\n}\n<\/style>\n\t<\/section>\n\t\r\n\r\n\n  <div class=\"banner has-hover\" id=\"banner-146918801\">\n          <div class=\"banner-inner fill\">\n        <div class=\"banner-bg fill\" >\n            <div class=\"bg fill bg-fill \"><\/div>\n                        <div class=\"overlay\"><\/div>            \n                    <\/div>\n        <div class=\"banner-layers container\">\n            <div class=\"fill banner-link\"><\/div>            \r\n\r\n   <div id=\"text-box-180172030\" class=\"text-box banner-layer x5 md-x5 lg-x5 y50 md-y50 lg-y50 res-text\">\n                                <div class=\"text-box-content text box-shadow-3 dark\">\n              \n              <div class=\"text-inner text-center\">\n                  \r\n<h2 class=\"uppercase\"><strong>LagundU nahi dut<\/strong><\/h2>\r\n<h3>Beste batzuei eskainitako denbora<\/h3>\r\n<p class=\"p1\">Bidean jartzeko prest bazaude, Elizari zure denbora eskainiz, nahiz eta denbora asko ez izan edo noizbehinka izan, jar zaitez harremanetan parrokia-bulegoen bidez (kontsultatu gure ordutegiak).<\/p>\r\n<a href=\"https:\/\/iglesiaslasarenasromo.org\/eu\/quiero-ayudar\/\" target=\"_self\" class=\"button primary\"  >\n    <span>Irakurri gehiago<\/span>\n  <\/a>\n\r\n\r\n              <\/div>\n           <\/div>\n                            \n<style>\n#text-box-180172030 .text-box-content {\n  background-color: rgba(0, 0, 0, 0.86);\n  font-size: 100%;\n}\n#text-box-180172030 .text-inner {\n  padding: 30px 30px 30px 30px;\n}\n#text-box-180172030 {\n  width: 89%;\n}\n@media (min-width:550px) {\n  #text-box-180172030 {\n    width: 40%;\n  }\n}\n<\/style>\n    <\/div>\n \r\n\r\n        <\/div>\n      <\/div>\n\n            \n<style>\n#banner-146918801 {\n  padding-top: 500px;\n}\n#banner-146918801 .bg.bg-loaded {\n  background-image: url(https:\/\/iglesiaslasarenasromo.org\/wp-content\/uploads\/2021\/06\/quiero-ayudar.jpg);\n}\n#banner-146918801 .overlay {\n  background-color: rgba(0, 0, 0, 0.2);\n}\n#banner-146918801 .bg {\n  background-position: 51% 20%;\n}\n<\/style>\n  <\/div>\n\n\r\n<span class=\"scroll-to\" data-label=\"Scroll to: #contacto\" data-bullet=\"false\" data-link=\"#contacto\" data-title=\"contacto\"><a name=\"contacto\"><\/a><\/span>\r\n\r\n\t<section class=\"section dark\" id=\"section_1078132872\">\n\t\t<div class=\"bg section-bg fill bg-fill  bg-loaded\" >\n\n\t\t\t\n\t\t\t\n\t\t\t\n\n\t\t<\/div>\n\n\t\t<div class=\"section-content relative\">\n\t\t\t\r\n\r\n<div class=\"row\"  id=\"row-542909598\">\r\n\r\n\n\t<div id=\"col-1172754407\" class=\"col small-12 large-12\"  >\n\t\t<div class=\"col-inner text-center\"  >\n\t\t\t\n\t\t\t\r\n\r\n\t<div id=\"gap-1374987827\" class=\"gap-element clearfix\" style=\"display:block; height:auto;\">\n\t\t\n<style>\n#gap-1374987827 {\n  padding-top: 40px;\n}\n<\/style>\n\t<\/div>\n\t\r\n\r\n\t<div id=\"text-804348297\" class=\"text\">\n\t\t\r\n<h6>Non gaude?<\/h6>\r\n\t\t\n<style>\n#text-804348297 {\n  text-align: center;\n}\n<\/style>\n\t<\/div>\n\t\r\n\t<div id=\"text-418249273\" class=\"text\">\n\t\t\r\n<h2>Kontakta zaitez<\/h2>\r\n\t\t\n<style>\n#text-418249273 {\n  font-size: 1.5rem;\n  text-align: center;\n}\n<\/style>\n\t<\/div>\n\t\r\n<a href=\"https:\/\/iglesiaslasarenasromo.org\/eu\/contacto\/\" target=\"_self\" class=\"button white is-outline\"  style=\"border-radius:10px;padding:5px 30px 5px 30px;\">\n    <span>Kontaktatu<\/span>\n  <\/a>\n\r\n\r\n\t\t<\/div>\n\t\t\t<\/div>\n\n\t\r\n\r\n<\/div>\r\n\r\n\t\t<\/div>\n\n\t\t\n<style>\n#section_1078132872 {\n  padding-top: 2px;\n  padding-bottom: 2px;\n  background-color: rgb(48, 48, 48);\n}\n<\/style>\n\t<\/section>\n\t","protected":false},"excerpt":{"rendered":"","protected":false},"author":1,"featured_media":0,"parent":0,"menu_order":0,"comment_status":"closed","ping_status":"closed","template":"page-blank.php","meta":{"footnotes":""},"class_list":["post-659","page","type-page","status-publish","hentry"],"yoast_head":"<!-- This site is optimized with the Yoast SEO plugin v27.4 - https:\/\/yoast.com\/product\/yoast-seo-wordpress\/ -->\n<title>Mezen ordutegia - Iglesias de Las Arenas y Romo<\/title>\n<meta name=\"robots\" content=\"index, follow, max-snippet:-1, max-image-preview:large, max-video-preview:-1\" \/>\n<link rel=\"canonical\" href=\"https:\/\/iglesiaslasarenasromo.org\/eu\/horarios-de-misas\/\" \/>\n<meta property=\"og:locale\" content=\"eu_ES\" \/>\n<meta property=\"og:type\" content=\"article\" \/>\n<meta property=\"og:title\" content=\"Mezen ordutegia - Iglesias de Las Arenas y Romo\" \/>\n<meta property=\"og:url\" content=\"https:\/\/iglesiaslasarenasromo.org\/eu\/horarios-de-misas\/\" \/>\n<meta property=\"og:site_name\" content=\"Iglesias de Las Arenas y Romo\" \/>\n<meta property=\"article:modified_time\" content=\"2026-02-23T05:38:42+00:00\" \/>\n<meta property=\"og:image\" content=\"https:\/\/iglesiaslasarenasromo.org\/wp-content\/uploads\/2025\/09\/IMG-20250921-WA0008.jpg\" \/>\n<meta name=\"twitter:card\" content=\"summary_large_image\" \/>\n<meta name=\"twitter:label1\" content=\"Est. reading time\" \/>\n\t<meta name=\"twitter:data1\" content=\"2 minutes\" \/>\n<script type=\"application\/ld+json\" class=\"yoast-schema-graph\">{\"@context\":\"https:\\\/\\\/schema.org\",\"@graph\":[{\"@type\":\"WebPage\",\"@id\":\"https:\\\/\\\/iglesiaslasarenasromo.org\\\/eu\\\/horarios-de-misas\\\/\",\"url\":\"https:\\\/\\\/iglesiaslasarenasromo.org\\\/eu\\\/horarios-de-misas\\\/\",\"name\":\"Mezen ordutegia - Iglesias de Las Arenas y Romo\",\"isPartOf\":{\"@id\":\"https:\\\/\\\/iglesiaslasarenasromo.org\\\/#website\"},\"primaryImageOfPage\":{\"@id\":\"https:\\\/\\\/iglesiaslasarenasromo.org\\\/eu\\\/horarios-de-misas\\\/#primaryimage\"},\"image\":{\"@id\":\"https:\\\/\\\/iglesiaslasarenasromo.org\\\/eu\\\/horarios-de-misas\\\/#primaryimage\"},\"thumbnailUrl\":\"https:\\\/\\\/iglesiaslasarenasromo.org\\\/wp-content\\\/uploads\\\/2025\\\/09\\\/IMG-20250921-WA0008.jpg\",\"datePublished\":\"2021-05-14T10:44:01+00:00\",\"dateModified\":\"2026-02-23T05:38:42+00:00\",\"inLanguage\":\"eu-ES\",\"potentialAction\":[{\"@type\":\"ReadAction\",\"target\":[\"https:\\\/\\\/iglesiaslasarenasromo.org\\\/eu\\\/horarios-de-misas\\\/\"]}]},{\"@type\":\"ImageObject\",\"inLanguage\":\"eu-ES\",\"@id\":\"https:\\\/\\\/iglesiaslasarenasromo.org\\\/eu\\\/horarios-de-misas\\\/#primaryimage\",\"url\":\"https:\\\/\\\/iglesiaslasarenasromo.org\\\/wp-content\\\/uploads\\\/2025\\\/09\\\/IMG-20250921-WA0008.jpg\",\"contentUrl\":\"https:\\\/\\\/iglesiaslasarenasromo.org\\\/wp-content\\\/uploads\\\/2025\\\/09\\\/IMG-20250921-WA0008.jpg\"},{\"@type\":\"WebSite\",\"@id\":\"https:\\\/\\\/iglesiaslasarenasromo.org\\\/#website\",\"url\":\"https:\\\/\\\/iglesiaslasarenasromo.org\\\/\",\"name\":\"Iglesias de Las Arenas y Romo\",\"description\":\"\",\"potentialAction\":[{\"@type\":\"SearchAction\",\"target\":{\"@type\":\"EntryPoint\",\"urlTemplate\":\"https:\\\/\\\/iglesiaslasarenasromo.org\\\/?s={search_term_string}\"},\"query-input\":{\"@type\":\"PropertyValueSpecification\",\"valueRequired\":true,\"valueName\":\"search_term_string\"}}],\"inLanguage\":\"eu-ES\"}]}<\/script>\n<!-- \/ Yoast SEO plugin. -->","yoast_head_json":{"title":"Mezen ordutegia - Iglesias de Las Arenas y Romo","robots":{"index":"index","follow":"follow","max-snippet":"max-snippet:-1","max-image-preview":"max-image-preview:large","max-video-preview":"max-video-preview:-1"},"canonical":"https:\/\/iglesiaslasarenasromo.org\/eu\/horarios-de-misas\/","og_locale":"eu_ES","og_type":"article","og_title":"Mezen ordutegia - Iglesias de Las Arenas y Romo","og_url":"https:\/\/iglesiaslasarenasromo.org\/eu\/horarios-de-misas\/","og_site_name":"Iglesias de Las Arenas y Romo","article_modified_time":"2026-02-23T05:38:42+00:00","og_image":[{"url":"https:\/\/iglesiaslasarenasromo.org\/wp-content\/uploads\/2025\/09\/IMG-20250921-WA0008.jpg","type":"","width":"","height":""}],"twitter_card":"summary_large_image","twitter_misc":{"Est. reading time":"2 minutes"},"schema":{"@context":"https:\/\/schema.org","@graph":[{"@type":"WebPage","@id":"https:\/\/iglesiaslasarenasromo.org\/eu\/horarios-de-misas\/","url":"https:\/\/iglesiaslasarenasromo.org\/eu\/horarios-de-misas\/","name":"Mezen ordutegia - Iglesias de Las Arenas y Romo","isPartOf":{"@id":"https:\/\/iglesiaslasarenasromo.org\/#website"},"primaryImageOfPage":{"@id":"https:\/\/iglesiaslasarenasromo.org\/eu\/horarios-de-misas\/#primaryimage"},"image":{"@id":"https:\/\/iglesiaslasarenasromo.org\/eu\/horarios-de-misas\/#primaryimage"},"thumbnailUrl":"https:\/\/iglesiaslasarenasromo.org\/wp-content\/uploads\/2025\/09\/IMG-20250921-WA0008.jpg","datePublished":"2021-05-14T10:44:01+00:00","dateModified":"2026-02-23T05:38:42+00:00","inLanguage":"eu-ES","potentialAction":[{"@type":"ReadAction","target":["https:\/\/iglesiaslasarenasromo.org\/eu\/horarios-de-misas\/"]}]},{"@type":"ImageObject","inLanguage":"eu-ES","@id":"https:\/\/iglesiaslasarenasromo.org\/eu\/horarios-de-misas\/#primaryimage","url":"https:\/\/iglesiaslasarenasromo.org\/wp-content\/uploads\/2025\/09\/IMG-20250921-WA0008.jpg","contentUrl":"https:\/\/iglesiaslasarenasromo.org\/wp-content\/uploads\/2025\/09\/IMG-20250921-WA0008.jpg"},{"@type":"WebSite","@id":"https:\/\/iglesiaslasarenasromo.org\/#website","url":"https:\/\/iglesiaslasarenasromo.org\/","name":"Iglesias de Las Arenas y Romo","description":"","potentialAction":[{"@type":"SearchAction","target":{"@type":"EntryPoint","urlTemplate":"https:\/\/iglesiaslasarenasromo.org\/?s={search_term_string}"},"query-input":{"@type":"PropertyValueSpecification","valueRequired":true,"valueName":"search_term_string"}}],"inLanguage":"eu-ES"}]}},"_links":{"self":[{"href":"https:\/\/iglesiaslasarenasromo.org\/eu\/wp-json\/wp\/v2\/pages\/659","targetHints":{"allow":["GET"]}}],"collection":[{"href":"https:\/\/iglesiaslasarenasromo.org\/eu\/wp-json\/wp\/v2\/pages"}],"about":[{"href":"https:\/\/iglesiaslasarenasromo.org\/eu\/wp-json\/wp\/v2\/types\/page"}],"author":[{"embeddable":true,"href":"https:\/\/iglesiaslasarenasromo.org\/eu\/wp-json\/wp\/v2\/users\/1"}],"replies":[{"embeddable":true,"href":"https:\/\/iglesiaslasarenasromo.org\/eu\/wp-json\/wp\/v2\/comments?post=659"}],"version-history":[{"count":73,"href":"https:\/\/iglesiaslasarenasromo.org\/eu\/wp-json\/wp\/v2\/pages\/659\/revisions"}],"predecessor-version":[{"id":3775,"href":"https:\/\/iglesiaslasarenasromo.org\/eu\/wp-json\/wp\/v2\/pages\/659\/revisions\/3775"}],"wp:attachment":[{"href":"https:\/\/iglesiaslasarenasromo.org\/eu\/wp-json\/wp\/v2\/media?parent=659"}],"curies":[{"name":"wp","href":"https:\/\/api.w.org\/{rel}","templated":true}]}}