{"id":629,"date":"2021-05-14T10:59:23","date_gmt":"2021-05-14T10:59:23","guid":{"rendered":"https:\/\/iglesiaslasarenasromo.org\/comunion\/"},"modified":"2024-11-21T17:39:00","modified_gmt":"2024-11-21T17:39:00","slug":"comunion","status":"publish","type":"page","link":"https:\/\/iglesiaslasarenasromo.org\/eu\/comunion\/","title":{"rendered":"Jaunartzea"},"content":{"rendered":"  <div id=\"page-header-1928103541\" class=\"page-header-wrapper\">\n  <div class=\"page-title dark featured-title\">\n\n    \n    <div class=\"page-title-inner container align-center text-center flex-row-col medium-flex-wrap\" >\n              <div class=\"title-wrapper flex-col\">\n          <h1 class=\"entry-title mb-0\">\n            Areetako eta Erromoko Elizak          <\/h1>\n        <\/div>\n                    <div class=\"title-content flex-col\">\n        <div class=\"title-share pt-half pb-half\"><div class=\"social-icons share-icons share-row relative\" ><a href=\"whatsapp:\/\/send?text=Jaunartzea - https:\/\/iglesiaslasarenasromo.org\/eu\/comunion\/\" data-action=\"share\/whatsapp\/share\" class=\"icon button circle is-outline tooltip whatsapp show-for-medium\" title=\"Share on WhatsApp\"><i class=\"icon-whatsapp\"><\/i><\/a><a href=\"https:\/\/www.facebook.com\/sharer.php?u=https:\/\/iglesiaslasarenasromo.org\/eu\/comunion\/\" data-label=\"Facebook\" onclick=\"window.open(this.href,this.title,'width=500,height=500,top=300px,left=300px');  return false;\" rel=\"noopener noreferrer nofollow\" target=\"_blank\" class=\"icon button circle is-outline tooltip facebook\" title=\"Share on Facebook\"><i class=\"icon-facebook\" ><\/i><\/a><a href=\"https:\/\/twitter.com\/share?url=https:\/\/iglesiaslasarenasromo.org\/eu\/comunion\/\" onclick=\"window.open(this.href,this.title,'width=500,height=500,top=300px,left=300px');  return false;\" rel=\"noopener noreferrer nofollow\" target=\"_blank\" class=\"icon button circle is-outline tooltip twitter\" title=\"Share on Twitter\"><i class=\"icon-twitter\" ><\/i><\/a><a href=\"mailto:enteryour@addresshere.com?subject=Jaunartzea&amp;body=Check%20this%20out:%20https:\/\/iglesiaslasarenasromo.org\/eu\/comunion\/\" rel=\"nofollow\" class=\"icon button circle is-outline tooltip email\" title=\"Email to a Friend\"><i class=\"icon-envelop\" ><\/i><\/a><a href=\"https:\/\/pinterest.com\/pin\/create\/button\/?url=https:\/\/iglesiaslasarenasromo.org\/eu\/comunion\/&amp;media=&amp;description=Jaunartzea\" onclick=\"window.open(this.href,this.title,'width=500,height=500,top=300px,left=300px');  return false;\" rel=\"noopener noreferrer nofollow\" target=\"_blank\" class=\"icon button circle is-outline tooltip pinterest\" title=\"Pin on Pinterest\"><i class=\"icon-pinterest\" ><\/i><\/a><a href=\"https:\/\/www.linkedin.com\/shareArticle?mini=true&url=https:\/\/iglesiaslasarenasromo.org\/eu\/comunion\/&title=Jaunartzea\" onclick=\"window.open(this.href,this.title,'width=500,height=500,top=300px,left=300px');  return false;\"  rel=\"noopener noreferrer nofollow\" target=\"_blank\" class=\"icon button circle is-outline tooltip linkedin\" title=\"Share on LinkedIn\"><i class=\"icon-linkedin\" ><\/i><\/a><\/div><\/div>      <\/div>\n    <\/div>\n\n       <\/div>\n    <\/div>\n  \n\n  <div class=\"banner has-hover hide-for-small\" id=\"banner-1482663743\">\n          <div class=\"banner-inner fill\">\n        <div class=\"banner-bg fill\" >\n            <div class=\"bg fill bg-fill \"><\/div>\n                        <div class=\"overlay\"><\/div>            \n                    <\/div>\n        <div class=\"banner-layers container\">\n            <div class=\"fill banner-link\"><\/div>            \n        <\/div>\n      <\/div>\n\n            \n<style>\n#banner-1482663743 {\n  padding-top: 169px;\n}\n#banner-1482663743 .bg.bg-loaded {\n  background-image: url(https:\/\/iglesiaslasarenasromo.org\/wp-content\/uploads\/2021\/05\/logo-parroquia-792x1024.png);\n}\n#banner-1482663743 .overlay {\n  background-color: rgba(0, 0, 0, 0.0);\n}\n#banner-1482663743 .bg {\n  background-position: 47% 42%;\n}\n<\/style>\n  <\/div>\n\n\n\t<section class=\"section\" id=\"section_1697666686\">\n\t\t<div class=\"bg section-bg fill bg-fill  bg-loaded\" >\n\n\t\t\t\n\t\t\t\n\t\t\t\n\n\t\t<\/div>\n\n\t\t<div class=\"section-content relative\">\n\t\t\t\n<div class=\"row\"  id=\"row-75076308\">\n\n\t<div id=\"col-979559065\" class=\"col medium-3 small-12 large-3\"  >\n\t\t<div class=\"col-inner\"  >\n\t\t\t\n\t\t\t\n<ul class=\"sidebar-wrapper ul-reset widget-page\"><div class=\"widget_text widget-content\"><div class=\"textwidget custom-html-widget\"><!--<div class=\"sidebar-box\">\r\n\t<div class=\"control\">\r\n\t\t<img decoding=\"async\" style=\"margin-bottom: 20px\" src=\"https:\/\/iglesiaslasarenasromo.org\/wp-content\/uploads\/2021\/06\/catequesis.jpg\">\r\n\t\t<p class=\"title\" style=\"margin-bottom:30px\">\r\n\t\t\tLa \"cate\" en casa<\/p>\r\n\t\t<p class=\"texto\">\r\n\t\t\tY de repente, un d\u00eda se cancel\u00f3 la catequesis. Se cerr\u00f3 la parroquia. \u00bfY ahora qu\u00e9 hacemos? Como  tantas  cosas que se reinventaron, tambi\u00e9n  nosotros buscamos un camino a seguir. \r\nLa di\u00f3cesis nos propuso un plan que nos gust\u00f3 y nos embarcamos en \u00e9l.\r\n\t\t<\/p>\r\n\t\t<\/div>\r\n<\/div>--><\/div><\/div><div class=\"widget-content\"><h3 class=\"widget-title\">Sakramentuak<\/h3><div class=\"menu-sacramentos-euskera-container\"><ul id=\"menu-sacramentos-euskera\" class=\"menu\"><li id=\"menu-item-811\" class=\"menu-item menu-item-type-post_type menu-item-object-page menu-item-811\"><a href=\"https:\/\/iglesiaslasarenasromo.org\/eu\/sacramento-bautismo\/\">Bataioa<\/a><\/li>\n<li id=\"menu-item-812\" class=\"menu-item menu-item-type-post_type menu-item-object-page menu-item-812\"><a href=\"https:\/\/iglesiaslasarenasromo.org\/eu\/comunion\/\">Jaunartzea<\/a><\/li>\n<li id=\"menu-item-813\" class=\"menu-item menu-item-type-post_type menu-item-object-page menu-item-813\"><a href=\"https:\/\/iglesiaslasarenasromo.org\/eu\/confirmacion\/\">Konfirmazioa<\/a><\/li>\n<li id=\"menu-item-814\" class=\"menu-item menu-item-type-post_type menu-item-object-page menu-item-814\"><a href=\"https:\/\/iglesiaslasarenasromo.org\/eu\/matrimonio\/\">Ezkontza<\/a><\/li>\n<li id=\"menu-item-815\" class=\"menu-item menu-item-type-post_type menu-item-object-page menu-item-815\"><a href=\"https:\/\/iglesiaslasarenasromo.org\/eu\/uncion-a-enfermos\/\">Gaixoen Oliadura<\/a><\/li>\n<\/ul><\/div><\/div><div class=\"widget-content\"><h3 class=\"widget-title\">Ordutegiak<\/h3><div class=\"menu-horarios-euskera-container\"><ul id=\"menu-horarios-euskera\" class=\"menu\"><li id=\"menu-item-816\" class=\"menu-item menu-item-type-post_type menu-item-object-page menu-item-816\"><a href=\"https:\/\/iglesiaslasarenasromo.org\/eu\/horarios-de-misas\/\">Mezen ordutegia<\/a><\/li>\n<li id=\"menu-item-817\" class=\"menu-item menu-item-type-post_type menu-item-object-page menu-item-817\"><a href=\"https:\/\/iglesiaslasarenasromo.org\/eu\/horario-de-oficinas-parroquiales\/\">Parrokiako bulegoen ordutegia<\/a><\/li>\n<\/ul><\/div><\/div><div class=\"widget_text widget-content\"><div class=\"textwidget custom-html-widget\"><!--<div class=\"sidebar-box\">\r\n\t<div class=\"control\">\r\n\t\t<img decoding=\"async\" style=\"margin-bottom: 20px\" src=\"https:\/\/iglesiaslasarenasromo.org\/wp-content\/uploads\/2021\/06\/catequesis.jpg\">\r\n\t\t<p class=\"title\" style=\"margin-bottom:30px\">\r\n\t\t\t\"Kate\" etxean<\/p>\r\n\t\t<p class=\"texto\">\r\n\t\t\tEta bat-batean, egun batean katekesia bertan behera geratu zen. Parrokia itxi zen. Eta orain zer egingo dugu? Berrasmatu ziren gauza asko bezala, guk ere jarraitu beharreko bide bat bilatzen dugu.\r\nElizbarrutiak gustatu zitzaigun plan bat proposatu zigun eta bertan murgildu ginen.\r\n\t\t<\/p>\r\n\t\t<\/div>\r\n<\/div>--><\/div><\/div><\/ul>\n\t\t<\/div>\n\t\t\t<\/div>\n\n\t\n\n\t<div id=\"col-1726211994\" class=\"col text-control medium-9 small-12 large-9 small-col-first\"  >\n\t\t<div class=\"col-inner\"  >\n\t\t\t\n\t\t\t\n<div class=\"container section-title-container\" ><h2 class=\"section-title section-title-normal\"><b><\/b><span class=\"section-title-main\" >Jaunartzea<\/span><b><\/b><\/h2><\/div>\n\t<div class=\"img has-hover x md-x lg-x y md-y lg-y\" id=\"image_840984672\">\n\t\t\t\t\t\t\t\t<div class=\"img-inner dark\" >\n\t\t\t<img loading=\"lazy\" decoding=\"async\" width=\"814\" height=\"544\" src=\"https:\/\/iglesiaslasarenasromo.org\/wp-content\/uploads\/2021\/06\/comunion-2.jpg\" class=\"attachment-large size-large\" alt=\"\" srcset=\"https:\/\/iglesiaslasarenasromo.org\/wp-content\/uploads\/2021\/06\/comunion-2.jpg 814w, https:\/\/iglesiaslasarenasromo.org\/wp-content\/uploads\/2021\/06\/comunion-2-300x200.jpg 300w, https:\/\/iglesiaslasarenasromo.org\/wp-content\/uploads\/2021\/06\/comunion-2-768x513.jpg 768w\" sizes=\"auto, (max-width: 814px) 100vw, 814px\" \/>\t\t\t\t\t\t\n\t\t\t\t\t<\/div>\n\t\t\t\t\t\t\t\t\n<style>\n#image_840984672 {\n  width: 100%;\n}\n<\/style>\n\t<\/div>\n\t\n<blockquote>\n<p>Kristau Komunitateak jaunartzea esan nahi du Jesukristo eta Jesukristorengatik. Komunitate bat bera ere ezingo da hori baino gehiago edo gutxiago izan. Eta honek komunitate mota guztietarako balio du. Anai-arrebak izaterik badugu, Jesukristo eta Jesukristorengatik da.<\/p>\n<\/blockquote>\n<h2 class=\"p1\"><b>Zer esan nahi du Jaunartzeak?<\/b><\/h2>\n<p class=\"p1\">Jaunartzeak Jesukristorekin leialaren batasuna suposatzen du bere <b>Gorputza<\/b> (ostia sagaratua) eta <b>Odola<\/b> (ardo sagaratua) hartzean, eta bere bizitza gizateria salbatzeko ematen duen Semearen sakrifizioa islatzen du.<\/p>\n<blockquote>\n<p class=\"p1\"><i>Hartzazue eta jan guztiok honetatik,<br \/>hau nire Gorputza da eta, guztiontzat emango dena.<\/i><\/p>\n<p class=\"p1\"><i>Hartzazaue eta edan guztiok honetatik, hau nire odola da eta, Jainkoaren ituna berrituko duena, bekatuak barkatzeko guztion alde isuriko dena.<span class=\"Apple-converted-space\">\u00a0<\/span><\/i><\/p>\n<p class=\"p2\"><i>Egizue haunire oroigarriz.<\/i><\/p>\n<\/blockquote>\n<p class=\"p1\"><b>Lehen Jaunartzea<\/b> jasotzeko arrez aurretik Bataio Sakramentua lehen jaso behar da, eta Haurrentzako Katekesi egin izan.<\/p>\n<p><strong>Jaunartzea etxera eraman<\/strong>, parrokiako bulegoarekin harremanetan jarri, telefono zenbakia utzi eta beraiekin jarriko dira harremanetan.<\/p>\n<h2 class=\"p3\"><b>Aitorpenen ordutegiak<\/b><\/h2>\n<p class=\"p2\">Jaunartzeari dagokionez, Elizak bi manu zehaztu zituen esplizituki:<\/p>\n<ul class=\"ul1\">\n<li class=\"li2\">Lehen jaunartzea baino lehen, aitorpena egin behar da<\/li>\n<li class=\"li2\">Bekatu larriren bat egin bada, konfesatu egin behar da Jauna hartu aurretik<\/li>\n<\/ul>\n<p class=\"p2\">Hauek dira gure hiru parrokien aitorpen-orduak:<\/p>\n<ul class=\"ul1\">\n<li class=\"li4\">Las Mercedes (Parrokiako apaizekin)\n<ul class=\"ul1\">\n<li class=\"li5\"><b>Astelehen\/Ostirala<\/b>: 12:30etik 13:30era eta <b>Astelehen\/Osteguna<\/b>: 18:30etatik 19:30era<\/li>\n<li class=\"li5\">Eta mezen ondoren<\/li>\n<\/ul>\n<\/li>\n<li class=\"li4\">Santa Ana<span class=\"s4\">\u00a0<\/span>\n<ul class=\"ul1\">\n<li class=\"li4\">San Jos\u00e9 Langilea\n<ul class=\"ul1\">\n<li class=\"li5\">Mezen ondoren<\/li>\n<\/ul>\n<\/li>\n<\/ul>\n<\/li>\n<\/ul>\n\t\t<\/div>\n\t\t\t<\/div>\n\n\t\n<\/div>\n\t\t<\/div>\n\n\t\t\n<style>\n#section_1697666686 {\n  padding-top: 30px;\n  padding-bottom: 30px;\n}\n<\/style>\n\t<\/section>\n\t\n\n  <div class=\"banner has-hover\" id=\"banner-46954945\">\n          <div class=\"banner-inner fill\">\n        <div class=\"banner-bg fill\" >\n            <div class=\"bg fill bg-fill \"><\/div>\n                        <div class=\"overlay\"><\/div>            \n                    <\/div>\n        <div class=\"banner-layers container\">\n            <div class=\"fill banner-link\"><\/div>            \r\n\r\n   <div id=\"text-box-1475802088\" class=\"text-box banner-layer x5 md-x5 lg-x5 y50 md-y50 lg-y50 res-text\">\n                                <div class=\"text-box-content text box-shadow-3 dark\">\n              \n              <div class=\"text-inner text-center\">\n                  \r\n<h2 class=\"uppercase\"><strong>LagundU nahi dut<\/strong><\/h2>\r\n<h3>Beste batzuei eskainitako denbora<\/h3>\r\n<p class=\"p1\">Bidean jartzeko prest bazaude, Elizari zure denbora eskainiz, nahiz eta denbora asko ez izan edo noizbehinka izan, jar zaitez harremanetan parrokia-bulegoen bidez (kontsultatu gure ordutegiak).<\/p>\r\n<a href=\"https:\/\/iglesiaslasarenasromo.org\/eu\/quiero-ayudar\/\" target=\"_self\" class=\"button primary\"  >\n    <span>Irakurri gehiago<\/span>\n  <\/a>\n\r\n\r\n              <\/div>\n           <\/div>\n                            \n<style>\n#text-box-1475802088 .text-box-content {\n  background-color: rgba(0, 0, 0, 0.86);\n  font-size: 100%;\n}\n#text-box-1475802088 .text-inner {\n  padding: 30px 30px 30px 30px;\n}\n#text-box-1475802088 {\n  width: 89%;\n}\n@media (min-width:550px) {\n  #text-box-1475802088 {\n    width: 40%;\n  }\n}\n<\/style>\n    <\/div>\n \r\n\r\n        <\/div>\n      <\/div>\n\n            \n<style>\n#banner-46954945 {\n  padding-top: 500px;\n}\n#banner-46954945 .bg.bg-loaded {\n  background-image: url(https:\/\/iglesiaslasarenasromo.org\/wp-content\/uploads\/2021\/06\/quiero-ayudar.jpg);\n}\n#banner-46954945 .overlay {\n  background-color: rgba(0, 0, 0, 0.2);\n}\n#banner-46954945 .bg {\n  background-position: 51% 20%;\n}\n<\/style>\n  <\/div>\n\n\r\n<span class=\"scroll-to\" data-label=\"Scroll to: #contacto\" data-bullet=\"false\" data-link=\"#contacto\" data-title=\"contacto\"><a name=\"contacto\"><\/a><\/span>\r\n\r\n\t<section class=\"section dark\" id=\"section_656390732\">\n\t\t<div class=\"bg section-bg fill bg-fill  bg-loaded\" >\n\n\t\t\t\n\t\t\t\n\t\t\t\n\n\t\t<\/div>\n\n\t\t<div class=\"section-content relative\">\n\t\t\t\r\n\r\n<div class=\"row\"  id=\"row-1418940576\">\r\n\r\n\n\t<div id=\"col-957185335\" class=\"col small-12 large-12\"  >\n\t\t<div class=\"col-inner text-center\"  >\n\t\t\t\n\t\t\t\r\n\r\n\t<div id=\"gap-450472884\" class=\"gap-element clearfix\" style=\"display:block; height:auto;\">\n\t\t\n<style>\n#gap-450472884 {\n  padding-top: 40px;\n}\n<\/style>\n\t<\/div>\n\t\r\n\r\n\t<div id=\"text-3592243028\" class=\"text\">\n\t\t\r\n<h6>Non gaude?<\/h6>\r\n\t\t\n<style>\n#text-3592243028 {\n  text-align: center;\n}\n<\/style>\n\t<\/div>\n\t\r\n\t<div id=\"text-845603281\" class=\"text\">\n\t\t\r\n<h2>Kontakta zaitez<\/h2>\r\n\t\t\n<style>\n#text-845603281 {\n  font-size: 1.5rem;\n  text-align: center;\n}\n<\/style>\n\t<\/div>\n\t\r\n<a href=\"https:\/\/iglesiaslasarenasromo.org\/eu\/contacto\/\" target=\"_self\" class=\"button white is-outline\"  style=\"border-radius:10px;padding:5px 30px 5px 30px;\">\n    <span>Kontaktatu<\/span>\n  <\/a>\n\r\n\r\n\t\t<\/div>\n\t\t\t<\/div>\n\n\t\r\n\r\n<\/div>\r\n\r\n\t\t<\/div>\n\n\t\t\n<style>\n#section_656390732 {\n  padding-top: 2px;\n  padding-bottom: 2px;\n  background-color: rgb(48, 48, 48);\n}\n<\/style>\n\t<\/section>\n\t\n","protected":false},"excerpt":{"rendered":"","protected":false},"author":1,"featured_media":0,"parent":0,"menu_order":0,"comment_status":"closed","ping_status":"closed","template":"page-blank.php","meta":{"footnotes":""},"class_list":["post-629","page","type-page","status-publish","hentry"],"yoast_head":"<!-- This site is optimized with the Yoast SEO plugin v27.4 - https:\/\/yoast.com\/product\/yoast-seo-wordpress\/ -->\n<title>Jaunartzea - Iglesias de Las Arenas y Romo<\/title>\n<meta name=\"robots\" content=\"index, follow, max-snippet:-1, max-image-preview:large, max-video-preview:-1\" \/>\n<link rel=\"canonical\" href=\"https:\/\/iglesiaslasarenasromo.org\/eu\/comunion\/\" \/>\n<meta property=\"og:locale\" content=\"eu_ES\" \/>\n<meta property=\"og:type\" content=\"article\" \/>\n<meta property=\"og:title\" content=\"Jaunartzea - Iglesias de Las Arenas y Romo\" \/>\n<meta property=\"og:url\" content=\"https:\/\/iglesiaslasarenasromo.org\/eu\/comunion\/\" \/>\n<meta property=\"og:site_name\" content=\"Iglesias de Las Arenas y Romo\" \/>\n<meta property=\"article:modified_time\" content=\"2024-11-21T17:39:00+00:00\" \/>\n<meta name=\"twitter:card\" content=\"summary_large_image\" \/>\n<meta name=\"twitter:label1\" content=\"Est. reading time\" \/>\n\t<meta name=\"twitter:data1\" content=\"1 minute\" \/>\n<script type=\"application\/ld+json\" class=\"yoast-schema-graph\">{\"@context\":\"https:\\\/\\\/schema.org\",\"@graph\":[{\"@type\":\"WebPage\",\"@id\":\"https:\\\/\\\/iglesiaslasarenasromo.org\\\/eu\\\/comunion\\\/\",\"url\":\"https:\\\/\\\/iglesiaslasarenasromo.org\\\/eu\\\/comunion\\\/\",\"name\":\"Jaunartzea - Iglesias de Las Arenas y Romo\",\"isPartOf\":{\"@id\":\"https:\\\/\\\/iglesiaslasarenasromo.org\\\/#website\"},\"datePublished\":\"2021-05-14T10:59:23+00:00\",\"dateModified\":\"2024-11-21T17:39:00+00:00\",\"inLanguage\":\"eu-ES\",\"potentialAction\":[{\"@type\":\"ReadAction\",\"target\":[\"https:\\\/\\\/iglesiaslasarenasromo.org\\\/eu\\\/comunion\\\/\"]}]},{\"@type\":\"WebSite\",\"@id\":\"https:\\\/\\\/iglesiaslasarenasromo.org\\\/#website\",\"url\":\"https:\\\/\\\/iglesiaslasarenasromo.org\\\/\",\"name\":\"Iglesias de Las Arenas y Romo\",\"description\":\"\",\"potentialAction\":[{\"@type\":\"SearchAction\",\"target\":{\"@type\":\"EntryPoint\",\"urlTemplate\":\"https:\\\/\\\/iglesiaslasarenasromo.org\\\/?s={search_term_string}\"},\"query-input\":{\"@type\":\"PropertyValueSpecification\",\"valueRequired\":true,\"valueName\":\"search_term_string\"}}],\"inLanguage\":\"eu-ES\"}]}<\/script>\n<!-- \/ Yoast SEO plugin. -->","yoast_head_json":{"title":"Jaunartzea - Iglesias de Las Arenas y Romo","robots":{"index":"index","follow":"follow","max-snippet":"max-snippet:-1","max-image-preview":"max-image-preview:large","max-video-preview":"max-video-preview:-1"},"canonical":"https:\/\/iglesiaslasarenasromo.org\/eu\/comunion\/","og_locale":"eu_ES","og_type":"article","og_title":"Jaunartzea - Iglesias de Las Arenas y Romo","og_url":"https:\/\/iglesiaslasarenasromo.org\/eu\/comunion\/","og_site_name":"Iglesias de Las Arenas y Romo","article_modified_time":"2024-11-21T17:39:00+00:00","twitter_card":"summary_large_image","twitter_misc":{"Est. reading time":"1 minute"},"schema":{"@context":"https:\/\/schema.org","@graph":[{"@type":"WebPage","@id":"https:\/\/iglesiaslasarenasromo.org\/eu\/comunion\/","url":"https:\/\/iglesiaslasarenasromo.org\/eu\/comunion\/","name":"Jaunartzea - Iglesias de Las Arenas y Romo","isPartOf":{"@id":"https:\/\/iglesiaslasarenasromo.org\/#website"},"datePublished":"2021-05-14T10:59:23+00:00","dateModified":"2024-11-21T17:39:00+00:00","inLanguage":"eu-ES","potentialAction":[{"@type":"ReadAction","target":["https:\/\/iglesiaslasarenasromo.org\/eu\/comunion\/"]}]},{"@type":"WebSite","@id":"https:\/\/iglesiaslasarenasromo.org\/#website","url":"https:\/\/iglesiaslasarenasromo.org\/","name":"Iglesias de Las Arenas y Romo","description":"","potentialAction":[{"@type":"SearchAction","target":{"@type":"EntryPoint","urlTemplate":"https:\/\/iglesiaslasarenasromo.org\/?s={search_term_string}"},"query-input":{"@type":"PropertyValueSpecification","valueRequired":true,"valueName":"search_term_string"}}],"inLanguage":"eu-ES"}]}},"_links":{"self":[{"href":"https:\/\/iglesiaslasarenasromo.org\/eu\/wp-json\/wp\/v2\/pages\/629","targetHints":{"allow":["GET"]}}],"collection":[{"href":"https:\/\/iglesiaslasarenasromo.org\/eu\/wp-json\/wp\/v2\/pages"}],"about":[{"href":"https:\/\/iglesiaslasarenasromo.org\/eu\/wp-json\/wp\/v2\/types\/page"}],"author":[{"embeddable":true,"href":"https:\/\/iglesiaslasarenasromo.org\/eu\/wp-json\/wp\/v2\/users\/1"}],"replies":[{"embeddable":true,"href":"https:\/\/iglesiaslasarenasromo.org\/eu\/wp-json\/wp\/v2\/comments?post=629"}],"version-history":[{"count":16,"href":"https:\/\/iglesiaslasarenasromo.org\/eu\/wp-json\/wp\/v2\/pages\/629\/revisions"}],"predecessor-version":[{"id":2859,"href":"https:\/\/iglesiaslasarenasromo.org\/eu\/wp-json\/wp\/v2\/pages\/629\/revisions\/2859"}],"wp:attachment":[{"href":"https:\/\/iglesiaslasarenasromo.org\/eu\/wp-json\/wp\/v2\/media?parent=629"}],"curies":[{"name":"wp","href":"https:\/\/api.w.org\/{rel}","templated":true}]}}